{"id":728,"date":"2024-09-24T10:06:45","date_gmt":"2024-09-24T08:06:45","guid":{"rendered":"https:\/\/in-menz.nl\/home\/"},"modified":"2025-09-04T15:18:28","modified_gmt":"2025-09-04T13:18:28","slug":"home","status":"publish","type":"page","link":"https:\/\/in-menz.nl\/fy-nl\/","title":{"rendered":"Th\u00fas"},"content":{"rendered":"<section class=\"l-section wpb_row height_large with_img with_shape\"><div class=\"l-section-img\" role=\"img\" aria-label=\"Image\" data-img-width=\"2560\" data-img-height=\"1435\" style=\"background-image: url(https:\/\/in-menz.nl\/wp-content\/uploads\/2024\/11\/group-people-are-posing-photo-with-their-hands-up-air-scaled.jpg);background-repeat: no-repeat;\"><\/div><div class=\"l-section-shape type_curve pos_bottom\" style=\"height:5vmin;\"><svg xmlns=\"http:\/\/www.w3.org\/2000\/svg\" viewBox=\"0 0 64 8\" preserveAspectRatio=\"none\" width=\"100%\" height=\"100%\">\r\n\t<path fill=\"currentColor\" d=\"M64 8 L64 0 Q32 15.8 0 0 L0 8 Z\"\/>\r\n<\/svg><\/div><div class=\"l-section-h i-cf\"><div class=\"g-cols vc_row via_flex valign_top type_default stacking_default\"><div class=\"vc_col-sm-6 wpb_column vc_column_container\"><div class=\"vc_column-inner\"><div class=\"wpb_wrapper\"><div class=\"wpb_text_column us_custom_ae400c62 has_text_color\"><div class=\"wpb_wrapper\"><h1>Hert foar jeugd en gesin<\/h1>\n<\/div><\/div><div class=\"wpb_text_column us_custom_1cb380ed has_text_color\"><div class=\"wpb_wrapper\"><p>Systeemrjochte spesjalistyske jeugdsoarch yn hiel Frysl\u00e2n<\/p>\n<\/div><\/div><\/div><\/div><\/div><div class=\"vc_col-sm-6 wpb_column vc_column_container\"><div class=\"vc_column-inner\"><div class=\"wpb_wrapper\"><\/div><\/div><\/div><\/div><\/div><\/section><section class=\"l-section wpb_row height_medium\"><div class=\"l-section-h i-cf\"><div class=\"g-cols vc_row via_flex valign_top type_default stacking_default\"><div class=\"vc_col-sm-6 wpb_column vc_column_container\"><div class=\"vc_column-inner\"><div class=\"wpb_wrapper\"><div class=\"wpb_text_column us_custom_0a18362b has_text_color\"><div class=\"wpb_wrapper\"><p>Eltse jongere moat feilich en s\u00fbn opgroeie kinne en him of har optimaal \u00fbntwikkelje kinne. Soms slagget dat net fansels. Alden en jongerein kinne dan by In-Menz terjochte foar saakkundige help en \u00fbndersteuning.<\/p>\n<\/div><\/div><div class=\"w-separator size_large\"><\/div><h2 class=\"w-text\"><span class=\"w-text-h\"><span class=\"w-text-value\">Us behanneloanbod<\/span><\/span><\/h2><div class=\"g-cols wpb_row via_flex valign_top type_default stacking_default\"><div class=\"vc_col-sm-6 wpb_column vc_column_container\"><div class=\"vc_column-inner\"><div class=\"wpb_wrapper\"><h3 class=\"w-text us_custom_4e55af8d has_text_color\"><span class=\"w-text-h\"><span class=\"w-text-value\">Bern en jeugd<\/span><\/span><\/h3><div class=\"w-iconbox us_custom_c60d7684 iconpos_left style_default color_primary align_left no_text\"><div class=\"w-iconbox-icon\" style=\"font-size:10px;\"><i class=\"fas fa-circle\"><\/i><\/div><div class=\"w-iconbox-meta\"><div class=\"w-iconbox-title\">Jeugdbehanneling gedrachs- en lichemsrjochte<\/div><\/div><\/div><div class=\"w-iconbox us_custom_c60d7684 iconpos_left style_default color_primary align_left no_text\"><div class=\"w-iconbox-icon\" style=\"font-size:10px;\"><i class=\"fas fa-circle\"><\/i><\/div><div class=\"w-iconbox-meta\"><div class=\"w-iconbox-title\">Byldzjende terapy<\/div><\/div><\/div><div class=\"w-iconbox us_custom_c60d7684 iconpos_left style_default color_primary align_left no_text\"><div class=\"w-iconbox-icon\" style=\"font-size:10px;\"><i class=\"fas fa-circle\"><\/i><\/div><div class=\"w-iconbox-meta\"><div class=\"w-iconbox-title\">Spulterapy<\/div><\/div><\/div><div class=\"w-iconbox us_custom_c60d7684 iconpos_left style_default color_primary align_left no_text\"><div class=\"w-iconbox-icon\" style=\"font-size:10px;\"><i class=\"fas fa-circle\"><\/i><\/div><div class=\"w-iconbox-meta\"><div class=\"w-iconbox-title\">PMT (Psychomotoryske terapy)<\/div><\/div><\/div><div class=\"w-iconbox us_custom_c60d7684 iconpos_left style_default color_primary align_left no_text\"><div class=\"w-iconbox-icon\" style=\"font-size:10px;\"><i class=\"fas fa-circle\"><\/i><\/div><div class=\"w-iconbox-meta\"><div class=\"w-iconbox-title\">Write junior<\/div><\/div><\/div><div class=\"w-iconbox us_custom_c60d7684 iconpos_left style_default color_primary align_left no_text\"><div class=\"w-iconbox-icon\" style=\"font-size:10px;\"><i class=\"fas fa-circle\"><\/i><\/div><div class=\"w-iconbox-meta\"><div class=\"w-iconbox-title\">EMDR by inkeldf\u00e2ldich trauma<\/div><\/div><\/div><div class=\"w-iconbox us_custom_c60d7684 iconpos_left style_default color_primary align_left no_text\"><div class=\"w-iconbox-icon\" style=\"font-size:10px;\"><i class=\"fas fa-circle\"><\/i><\/div><div class=\"w-iconbox-meta\"><div class=\"w-iconbox-title\">Kognityf gedrachsterapeutysk wurkjen<\/div><\/div><\/div><div class=\"w-iconbox us_custom_c60d7684 iconpos_left style_default color_primary align_left no_text\"><div class=\"w-iconbox-icon\" style=\"font-size:10px;\"><i class=\"fas fa-circle\"><\/i><\/div><div class=\"w-iconbox-meta\"><div class=\"w-iconbox-title\">Skematerapeutysk wurkjen<\/div><\/div><\/div><div class=\"w-iconbox us_custom_c60d7684 iconpos_left style_default color_primary align_left no_text\"><div class=\"w-iconbox-icon\" style=\"font-size:10px;\"><i class=\"fas fa-circle\"><\/i><\/div><div class=\"w-iconbox-meta\"><div class=\"w-iconbox-title\">Aggression Replacement Training<\/div><\/div><\/div><div class=\"w-iconbox us_custom_c60d7684 iconpos_left style_default color_primary align_left no_text\"><div class=\"w-iconbox-icon\" style=\"font-size:10px;\"><i class=\"fas fa-circle\"><\/i><\/div><div class=\"w-iconbox-meta\"><div class=\"w-iconbox-title\">Psycho-edukaasje<\/div><\/div><\/div><div class=\"w-iconbox us_custom_c60d7684 iconpos_left style_default color_primary align_left no_text\"><div class=\"w-iconbox-icon\" style=\"font-size:10px;\"><i class=\"fas fa-circle\"><\/i><\/div><div class=\"w-iconbox-meta\"><div class=\"w-iconbox-title\">Diagnostyk (hannelingsrjochte)<\/div><\/div><\/div><div class=\"w-separator size_small\"><\/div><div class=\"w-btn-wrapper align_none\"><a class=\"w-btn us-btn-style_1\" href=\"https:\/\/in-menz.nl\/fy-nl\/behanneling-opsjesbehandelaanbod\/#aanbod-jeugdigen\"><span class=\"w-btn-label\">MEAR YNFORMAASJE<\/span><\/a><\/div><\/div><\/div><\/div><div class=\"vc_col-sm-6 wpb_column vc_column_container\"><div class=\"vc_column-inner\"><div class=\"wpb_wrapper\"><h3 class=\"w-text us_custom_4e55af8d has_text_color\"><span class=\"w-text-h\"><span class=\"w-text-value\">Gesinnen<\/span><\/span><\/h3><div class=\"w-iconbox us_custom_c60d7684 iconpos_left style_default color_primary align_left no_text\"><div class=\"w-iconbox-icon\" style=\"font-size:10px;\"><i class=\"fas fa-circle\"><\/i><\/div><div class=\"w-iconbox-meta\"><div class=\"w-iconbox-title\">Opfiedings\u00fbndersteuning<\/div><\/div><\/div><div class=\"w-iconbox us_custom_c60d7684 iconpos_left style_default color_primary align_left no_text\"><div class=\"w-iconbox-icon\" style=\"font-size:10px;\"><i class=\"fas fa-circle\"><\/i><\/div><div class=\"w-iconbox-meta\"><div class=\"w-iconbox-title\">IAG (Yntinsive Ambulante Gesinshelp)<\/div><\/div><\/div><div class=\"w-iconbox us_custom_c60d7684 iconpos_left style_default color_primary align_left no_text\"><div class=\"w-iconbox-icon\" style=\"font-size:10px;\"><i class=\"fas fa-circle\"><\/i><\/div><div class=\"w-iconbox-meta\"><div class=\"w-iconbox-title\">Gesinsterapy byldzjend<\/div><\/div><\/div><div class=\"w-iconbox us_custom_c60d7684 iconpos_left style_default color_primary align_left no_text\"><div class=\"w-iconbox-icon\" style=\"font-size:10px;\"><i class=\"fas fa-circle\"><\/i><\/div><div class=\"w-iconbox-meta\"><div class=\"w-iconbox-title\">MDFT<\/div><\/div><\/div><div class=\"w-iconbox us_custom_c60d7684 iconpos_left style_default color_primary align_left no_text\"><div class=\"w-iconbox-icon\" style=\"font-size:10px;\"><i class=\"fas fa-circle\"><\/i><\/div><div class=\"w-iconbox-meta\"><div class=\"w-iconbox-title\">Systeemterapy<\/div><\/div><\/div><div class=\"w-iconbox us_custom_c60d7684 iconpos_left style_default color_primary align_left no_text\"><div class=\"w-iconbox-icon\" style=\"font-size:10px;\"><i class=\"fas fa-circle\"><\/i><\/div><div class=\"w-iconbox-meta\"><div class=\"w-iconbox-title\">Kognityf gedrachsterapeutysk wurkjen<\/div><\/div><\/div><div class=\"w-separator size_small\"><\/div><div class=\"w-btn-wrapper align_none\"><a class=\"w-btn us-btn-style_1\" href=\"https:\/\/in-menz.nl\/fy-nl\/behanneling-opsjesbehandelaanbod\/#aanbod-gezinnen\"><span class=\"w-btn-label\">MEAR YNFORMAASJE<\/span><\/a><\/div><\/div><\/div><\/div><\/div><\/div><\/div><\/div><div class=\"vc_col-sm-6 wpb_column vc_column_container\"><div class=\"vc_column-inner\"><div class=\"wpb_wrapper\"><div class=\"w-image us_custom_3de16885 style_circle has_ratio align_none\"><div class=\"w-image-h\"><div style=\"padding-bottom:100%\"><\/div><img decoding=\"async\" width=\"1618\" height=\"1080\" src=\"https:\/\/in-menz.nl\/wp-content\/uploads\/2024\/09\/Blije-kinderen-2.png\" class=\"attachment-full size-full\" alt=\"\" loading=\"lazy\" \/><\/div><\/div><div class=\"w-image us_custom_3b6c7e12 style_circle has_ratio align_none\"><div class=\"w-image-h\"><div style=\"padding-bottom:100%\"><\/div><img decoding=\"async\" width=\"2560\" height=\"1707\" src=\"https:\/\/in-menz.nl\/wp-content\/uploads\/2024\/11\/children-playing-grass-scaled.jpg\" class=\"attachment-full size-full\" alt=\"\" loading=\"lazy\" \/><\/div><\/div><\/div><\/div><\/div><\/div><\/div><\/section><section class=\"l-section wpb_row height_small\"><div class=\"l-section-h i-cf\"><div class=\"g-cols vc_row via_flex valign_top type_default stacking_default\"><div class=\"vc_col-sm-4 wpb_column vc_column_container\"><div class=\"vc_column-inner\"><div class=\"wpb_wrapper\"><div class=\"wpb_text_column us_custom_d03df332 has_text_color\"><div class=\"wpb_wrapper\"><p>Stap fan binnen nei b\u00fbten en lit de wr\u00e2ld sjen hoe \u00fbnmjitlik moai ast bist!<\/p>\n<\/div><\/div><\/div><\/div><\/div><div class=\"vc_col-sm-8 wpb_column vc_column_container\"><div class=\"vc_column-inner\"><div class=\"wpb_wrapper\"><div class=\"w-separator size_custom\" style=\"height:0px\" id=\"a909\"><style>@media(max-width:1024px){ #a909{height:16px!important}}@media(max-width:600px){ #a909{height:16px!important}}<\/style><\/div><h3 class=\"w-text\"><span class=\"w-text-h\"><span class=\"w-text-value\">Wachttiden<\/span><\/span><\/h3><div class=\"w-separator size_custom\" style=\"height:0px\" id=\"cdc1\"><style>@media(max-width:1024px){ #cdc1{height:16px!important}}@media(max-width:600px){ #cdc1{height:16px!important}}<\/style><\/div><div class=\"w-progbar initial style_3 color_secondary\" onclick='return {&quot;template&quot;:&quot;12 WIKEN&quot;,&quot;value&quot;:&quot;12&quot;,&quot;finalValue&quot;:&quot;12&quot;}'><h6 class=\"w-progbar-title\" style=\"font-size:1rem;\"><span class=\"w-progbar-title-text\">Jongeren mei ienf\u00e2ldige problematyk<\/span><span class=\"w-progbar-title-count\">12 WIKEN<\/span><\/h6><div class=\"w-progbar-bar\"><div class=\"w-progbar-bar-h\" style=\"height:20px;\"><span class=\"w-progbar-bar-count\">12 WIKEN<\/span><\/div><\/div><\/div><div class=\"w-separator size_small\"><\/div><div class=\"w-progbar initial style_3 color_secondary\" onclick='return {&quot;template&quot;:&quot;2 WIKEN&quot;,&quot;value&quot;:&quot;2&quot;,&quot;finalValue&quot;:&quot;12&quot;}'><h6 class=\"w-progbar-title\" style=\"font-size:1rem;\"><span class=\"w-progbar-title-text\">&quot;Jongeren en\/of \u00e2lden mei mearf\u00e2ldige problematyk&quot;Meardere jeugd\/\u00e2lden<\/span><span class=\"w-progbar-title-count\">2 WIKEN<\/span><\/h6><div class=\"w-progbar-bar\"><div class=\"w-progbar-bar-h\" style=\"height:20px;\"><span class=\"w-progbar-bar-count\">2 WIKEN<\/span><\/div><\/div><\/div><div class=\"w-separator size_small\"><\/div><div class=\"w-progbar initial style_3 color_secondary\" onclick='return {&quot;template&quot;:&quot;4 WIKEN&quot;,&quot;value&quot;:&quot;4&quot;,&quot;finalValue&quot;:&quot;12&quot;}'><h6 class=\"w-progbar-title\" style=\"font-size:1rem;\"><span class=\"w-progbar-title-text\">Systemyske help<\/span><span class=\"w-progbar-title-count\">4 WIKEN<\/span><\/h6><div class=\"w-progbar-bar\"><div class=\"w-progbar-bar-h\" style=\"height:20px;\"><span class=\"w-progbar-bar-count\">4 WIKEN<\/span><\/div><\/div><\/div><div class=\"w-separator size_small\"><\/div><div class=\"w-progbar initial style_3 color_secondary\" onclick='return {&quot;template&quot;:&quot;6 WIKEN&quot;,&quot;value&quot;:&quot;6&quot;,&quot;finalValue&quot;:&quot;12&quot;}'><h6 class=\"w-progbar-title\" style=\"font-size:1rem;\"><span class=\"w-progbar-title-text\">Komplekse problematyk<\/span><span class=\"w-progbar-title-count\">6 WIKEN<\/span><\/h6><div class=\"w-progbar-bar\"><div class=\"w-progbar-bar-h\" style=\"height:20px;\"><span class=\"w-progbar-bar-count\">6 WIKEN<\/span><\/div><\/div><\/div>\n<\/div><\/div><\/div><\/div><\/div><\/section><section class=\"l-section wpb_row height_medium color_alternate\"><div class=\"l-section-h i-cf\"><div class=\"g-cols vc_row via_flex valign_top type_default stacking_default\"><div class=\"vc_col-sm-12 wpb_column vc_column_container\"><div class=\"vc_column-inner\"><div class=\"wpb_wrapper\"><h2 class=\"w-text\"><span class=\"w-text-h\"><span class=\"w-text-value\">Sosjaal Domein Frysl\u00e2n<\/span><\/span><\/h2><div class=\"g-cols wpb_row via_flex valign_top type_default stacking_default\"><div class=\"vc_col-sm-8 wpb_column vc_column_container\"><div class=\"vc_column-inner\"><div class=\"wpb_wrapper\"><div class=\"wpb_text_column\"><div class=\"wpb_wrapper\"><h4 class=\"w-text us_custom_4e55af8d has_text_color\"><span class=\"w-text-h\"><span class=\"w-text-value\">Kontraktearre binnen de spesjalistyske jeugdsoarch<\/span><\/span><\/h4>\n<\/div><\/div><div class=\"wpb_text_column\"><div class=\"wpb_wrapper\"><p>Wy fan In-Menz hawwe in kontrakt by it Sosjaal Domein Frysl\u00e2n (SDF) foar Spesjalistyske jeugdsoarch, koartduorjende \u00fbndersteuning en duorsume \u00fbndersteuning (langduorjend).<br \/>Om yn oanmerking te kommen foar fergoede soarch, kinne \u00e2lden gebr\u00fbk meitsje fan:<br \/>in ferwiisbrief fan de h\u00fbsdokter, berne-arts of fia in beskikking fan it gebietsteam.<\/p>\n<\/div><\/div><div class=\"w-separator size_small\"><\/div><div class=\"w-btn-wrapper default_align_none laptops_align_right tablets_align_left mobiles_align_left\"><a class=\"w-btn us-btn-style_1\" target=\"_blank\" href=\"https:\/\/www.sdfryslan.nl\/\"><span class=\"w-btn-label\">L\u00caS MEAR<\/span><\/a><\/div><\/div><\/div><\/div><div class=\"vc_col-sm-4 wpb_column vc_column_container\"><div class=\"vc_column-inner\"><div class=\"wpb_wrapper\"><div class=\"w-image align_none\"><div class=\"w-image-h\"><img decoding=\"async\" width=\"341\" height=\"148\" src=\"https:\/\/in-menz.nl\/wp-content\/uploads\/2024\/11\/Logo-SDF-zonder-achtergrond.png\" class=\"attachment-full size-full\" alt=\"\" loading=\"lazy\" srcset=\"https:\/\/in-menz.nl\/wp-content\/uploads\/2024\/11\/Logo-SDF-zonder-achtergrond.png 341w, https:\/\/in-menz.nl\/wp-content\/uploads\/2024\/11\/Logo-SDF-zonder-achtergrond-300x130.png 300w, https:\/\/in-menz.nl\/wp-content\/uploads\/2024\/11\/Logo-SDF-zonder-achtergrond-50x22.png 50w\" sizes=\"auto, (max-width: 341px) 100vw, 341px\" \/><\/div><\/div><\/div><\/div><\/div><\/div><\/div><\/div><\/div><\/div><\/div><\/section><section class=\"l-section wpb_row height_medium\"><div class=\"l-section-h i-cf\"><div class=\"g-cols vc_row via_flex valign_top type_default reversed stacking_default\"><div class=\"vc_col-sm-6 wpb_column vc_column_container\"><div class=\"vc_column-inner\"><div class=\"wpb_wrapper\"><div class=\"w-image us_custom_18cddc50 style_circle has_ratio align_none\"><div class=\"w-image-h\"><div style=\"padding-bottom:100%\"><\/div><img decoding=\"async\" width=\"1024\" height=\"1024\" src=\"https:\/\/in-menz.nl\/wp-content\/uploads\/2024\/11\/man-child-are-playing-with-soccer-ball-grass-1024x1024.jpg\" class=\"attachment-large size-large\" alt=\"\" loading=\"lazy\" \/><\/div><\/div><\/div><\/div><\/div><div class=\"vc_col-sm-6 wpb_column vc_column_container\"><div class=\"vc_column-inner\"><div class=\"wpb_wrapper\"><h2 class=\"w-text\"><span class=\"w-text-h\"><span class=\"w-text-value\">Oer In-Menz<\/span><\/span><\/h2><div class=\"wpb_text_column\"><div class=\"wpb_wrapper\"><h4 class=\"w-text us_custom_4e55af8d has_text_color\"><span class=\"w-text-h\"><span class=\"w-text-value\">Kontraktearre binnen de spesjalistyske jeugdsoarch<\/span><\/span><\/h4>\n<\/div><\/div><div class=\"wpb_text_column\"><div class=\"wpb_wrapper\"><p>Wy fan In-Menz hawwe in kontrakt by it Sosjaal Domein Frysl\u00e2n (SDF) foar spesjalistyske jeugdsoarch, koartduorjende \u00fbndersteuning en duorsume \u00fbndersteuning (langduorjend). Om rjocht te hawwen op dizze fergoede soarch kinne \u00e2lden gebr\u00fbk meitsje fan in ferwiisbrief fan harren h\u00fasarts, bernedokter of jeugdarts of fia in beskikking fan it gebietsteam.  <\/p>\n<p>gIn-Menz biedt tagonklike en effektive help oan jongerein en harren gesinnen. Mei in belutsen team fan spesjalisten rjochtsje wy \u00fas op it fersterkjen fan selsrezjy en wolw\u00eazen by jongerein.<br \/>Wy leauwe yn koarte linen en persoanlik kontakt, direkte belutsenens en gearwurking mei skoallen en oare ynst\u00e2nsjes om duorsume resultaten te berikken. Us doel? Jongerein en harren famyljes \u00fbndersteune yn bal\u00e2ns en ferbining, altyd s\u00fbnder wachttiid en mei each foar elk syn unike ferhaal.<\/p>\n<\/div><\/div><div class=\"w-separator size_small\"><\/div><div class=\"w-btn-wrapper default_align_none laptops_align_right tablets_align_left mobiles_align_left\"><a class=\"w-btn us-btn-style_1\" href=\"#contact\"><span class=\"w-btn-label\">Nim kontakt mei \u00fas op<\/span><\/a><\/div><\/div><\/div><\/div><\/div><\/div><\/section><section class=\"l-section wpb_row height_medium\"><div class=\"l-section-overlay\" style=\"background:#fdecf5\"><\/div><div class=\"l-section-h i-cf\"><div class=\"g-cols vc_row via_flex valign_top type_default stacking_default\"><div class=\"vc_col-sm-12 wpb_column vc_column_container\"><div class=\"vc_column-inner\"><div class=\"wpb_wrapper\"><h2 class=\"w-text us_custom_e93d73c3\"><span class=\"w-text-h\"><span class=\"w-text-value\">Reviews<\/span><\/span><\/h2><div class=\"w-grid us_carousel type_carousel layout_76 preload_style_spinner items_3\" id=\"us_grid_1\" style=\"--items:3;--gap:0.5rem;\"><style>.layout_76 .w-grid-item-h{background:#ffffff}.layout_76 .usg_vwrapper_1{padding:2rem!important;background:var(--color-content-bg)!important}.layout_76 .usg_hwrapper_1{margin-bottom:1rem!important}.layout_76 .usg_post_custom_field_1{color:var(--color-content-heading)!important;line-height:1.5!important;font-family:Calibri Bold!important;margin-bottom:0!important}.layout_76 .usg_post_custom_field_2{color:var(--color-content-faded)!important;font-size:0.9rem!important;line-height:1.5!important}<\/style><div class=\"w-grid-list owl-carousel valign_stretch dotstyle_circle navstyle_circle arrows-ver-pos_middle arrows-hor-pos_on_sides_outside arrows-disabled_hide owl-responsive-2000 with_arrows\" style=\"--transition-duration:350ms;--arrows-size:1.5rem;--arrows-hor-offset:calc(0px + 0.5rem);--arrows-gap:10px;\">\t<article class=\"w-grid-item post-858 us_testimonial type-us_testimonial status-publish hentry\" data-id=\"858\">\r\n\t\t<div class=\"w-grid-item-h\">\r\n\t\t\t\t\t\t<div class=\"w-vwrapper usg_vwrapper_1 align_none valign_top\"><div class=\"w-post-elm post_content usg_post_content_1\"><p>Ik wit net wat wy dien hiene s\u00fbnder In-Menz. Harmke en har kollega\u2019s hawwe \u00fas en de bern mei-inoar sa goed holpen om troch in drege perioade te kommen en dy efter \u00fas te litten. It giet no op alle fronten safolle better!  <\/p>\n<\/div><div class=\"w-hwrapper usg_hwrapper_1 align_none valign_middle\"><div class=\"w-vwrapper usg_vwrapper_2 align_none valign_top\"><div class=\"w-post-elm post_custom_field usg_post_custom_field_1 has_text_color type_text us_testimonial_author\"><span class=\"w-post-elm-value\">Alrik van Eijkelenborg<\/span><\/div><div class=\"w-post-elm post_custom_field usg_post_custom_field_2 has_text_color type_text us_testimonial_role color_link_inherit\"><span class=\"w-post-elm-value\"><\/span><\/div><\/div><\/div><\/div>\t\t<\/div>\r\n\t\t\t<\/article>\r\n\t<article class=\"w-grid-item post-856 us_testimonial type-us_testimonial status-publish hentry\" data-id=\"856\">\r\n\t\t<div class=\"w-grid-item-h\">\r\n\t\t\t\t\t\t<div class=\"w-vwrapper usg_vwrapper_1 align_none valign_top\"><div class=\"w-post-elm post_content usg_post_content_1\"><p>Ik bin by In-Menz kommen nei in traumatyske \u00fbnderfining, w\u00eartroch\u2019t ik tige bang wie om dingen allinne te dwaan. By it yntakepetear wie elkenien hiel freonlik, se harken goed en tochten mei. Ik krige in fijne terapeut d\u00ear\u2019t ik in goede klik mei hie. It team fan In-Menz hat my hiel goed holpen en ik wie al binnen in lyts jier klear mei de terapy. Nei de terapy fernim ik dat ik net mear bang bin om dingen te dwaan en dat ik my in stik better fiel. Ik bin In-Menz tige tankber foar hoe goed as se my holpen hawwe en dat se altyd foar my klear stiene!<\/p>\n<\/div><div class=\"w-hwrapper usg_hwrapper_1 align_none valign_middle\"><div class=\"w-vwrapper usg_vwrapper_2 align_none valign_top\"><div class=\"w-post-elm post_custom_field usg_post_custom_field_1 has_text_color type_text us_testimonial_author\"><span class=\"w-post-elm-value\">Silke Smeenk<\/span><\/div><div class=\"w-post-elm post_custom_field usg_post_custom_field_2 has_text_color type_text us_testimonial_role color_link_inherit\"><span class=\"w-post-elm-value\"><\/span><\/div><\/div><\/div><\/div>\t\t<\/div>\r\n\t\t\t<\/article>\r\n\t<article class=\"w-grid-item post-859 us_testimonial type-us_testimonial status-publish hentry\" data-id=\"859\">\r\n\t\t<div class=\"w-grid-item-h\">\r\n\t\t\t\t\t\t<div class=\"w-vwrapper usg_vwrapper_1 align_none valign_top\"><div class=\"w-post-elm post_content usg_post_content_1\"><p>Myn bern hawwe kreative terapy h\u00e2n. Tige effektyf as dyn bern f\u00eastsit yn syn emoasjes en it dreech fynt om him ferbaal \u00fat te drukken. Op in boartlike manier krige Marijke in protte los by myn bern en koene se de \u00fbnderfiningen op in \u00fbntspande manier ferwurkje. Marijke fyn ik tige belutsen by de bern en se fielt har goed oan. Sels bin ik tige tefreden oer har fyzje en oanpak.<br \/>Mirjam de Vries    <\/p>\n<\/div><div class=\"w-hwrapper usg_hwrapper_1 align_none valign_middle\"><div class=\"w-vwrapper usg_vwrapper_2 align_none valign_top\"><div class=\"w-post-elm post_custom_field usg_post_custom_field_1 has_text_color type_text us_testimonial_author\"><span class=\"w-post-elm-value\">Mirjam de Vries<\/span><\/div><div class=\"w-post-elm post_custom_field usg_post_custom_field_2 has_text_color type_text us_testimonial_role color_link_inherit\"><span class=\"w-post-elm-value\"><\/span><\/div><\/div><\/div><\/div>\t\t<\/div>\r\n\t\t\t<\/article>\r\n\t<article class=\"w-grid-item post-926 us_testimonial type-us_testimonial status-publish hentry\" data-id=\"926\">\r\n\t\t<div class=\"w-grid-item-h\">\r\n\t\t\t\t\t\t<div class=\"w-vwrapper usg_vwrapper_1 align_none valign_top\"><div class=\"w-post-elm post_content usg_post_content_1\"><p>Marijke hat myn beide bern mei NLP behannele nei\u2019t se in traumatyske \u00fbnderfining meimakke hiene. D\u00earby hie myn dochter ek l\u00east fan in slimme foarm fan Tourette. Troch it trauma wie myn soan tige lilk. Dat utere him yn agressyf gedrach. Nei ien behanneling wie er al in stik r\u00eastiger en minder agressyf. Myn dochter giet alle wiken nei Marijke ta en fynt dat tige stypjend.   <\/p>\n<\/div><div class=\"w-hwrapper usg_hwrapper_1 align_none valign_middle\"><div class=\"w-vwrapper usg_vwrapper_2 align_none valign_top\"><div class=\"w-post-elm post_custom_field usg_post_custom_field_1 has_text_color type_text us_testimonial_author\"><span class=\"w-post-elm-value\">Marianne Schouten<\/span><\/div><div class=\"w-post-elm post_custom_field usg_post_custom_field_2 has_text_color type_text us_testimonial_role color_link_inherit\"><span class=\"w-post-elm-value\"><\/span><\/div><\/div><\/div><\/div>\t\t<\/div>\r\n\t\t\t<\/article>\r\n\t<article class=\"w-grid-item post-860 us_testimonial type-us_testimonial status-publish hentry\" data-id=\"860\">\r\n\t\t<div class=\"w-grid-item-h\">\r\n\t\t\t\t\t\t<div class=\"w-vwrapper usg_vwrapper_1 align_none valign_top\"><div class=\"w-post-elm post_content usg_post_content_1\"><p>Lisette is immen dy\u2019t my echt sjoen en heard hat yn wa\u2019t ik bin. Se koe my goede rie jaan. Wy koene ek wol laitsje en luchtige petearen hawwe. Lisette koe hiel d\u00fadlik w\u00eaze en as it nedich wie, pakte se ek echt troch \u2013 bygelyks mei in opdracht. Se koe har goed ynlibje yn wat ik meimakke hie en wat ik op dat stuit meimakke. Ik f\u00fbn it altyd hiel noflik by Lisette en fielde my altyd op myn gemak.<br \/>\n<b><\/b><\/p>\n<\/div><div class=\"w-hwrapper usg_hwrapper_1 align_none valign_middle\"><div class=\"w-vwrapper usg_vwrapper_2 align_none valign_top\"><div class=\"w-post-elm post_custom_field usg_post_custom_field_1 has_text_color type_text us_testimonial_author\"><span class=\"w-post-elm-value\">Anonym<\/span><\/div><div class=\"w-post-elm post_custom_field usg_post_custom_field_2 has_text_color type_text us_testimonial_role color_link_inherit\"><span class=\"w-post-elm-value\"><\/span><\/div><\/div><\/div><\/div>\t\t<\/div>\r\n\t\t\t<\/article>\r\n\t<article class=\"w-grid-item post-861 us_testimonial type-us_testimonial status-publish hentry\" data-id=\"861\">\r\n\t\t<div class=\"w-grid-item-h\">\r\n\t\t\t\t\t\t<div class=\"w-vwrapper usg_vwrapper_1 align_none valign_top\"><div class=\"w-post-elm post_content usg_post_content_1\"><p>Myn \u00fbnderfining by In-Menz wie tige posityf. Ik soe dizze ynstelling fan herten oanriede oan elkenien dy\u2019t op syk is nei in profesjonele en goede therapeut. Wat benammen moai is, is dat ik altyd goed holpen wurd mei alles wat ik nedich ha.  <\/p>\n<\/div><div class=\"w-hwrapper usg_hwrapper_1 align_none valign_middle\"><div class=\"w-vwrapper usg_vwrapper_2 align_none valign_top\"><div class=\"w-post-elm post_custom_field usg_post_custom_field_1 has_text_color type_text us_testimonial_author\"><span class=\"w-post-elm-value\">Anonym<\/span><\/div><div class=\"w-post-elm post_custom_field usg_post_custom_field_2 has_text_color type_text us_testimonial_role color_link_inherit\"><span class=\"w-post-elm-value\"><\/span><\/div><\/div><\/div><\/div>\t\t<\/div>\r\n\t\t\t<\/article>\r\n\t<article class=\"w-grid-item post-857 us_testimonial type-us_testimonial status-publish hentry\" data-id=\"857\">\r\n\t\t<div class=\"w-grid-item-h\">\r\n\t\t\t\t\t\t<div class=\"w-vwrapper usg_vwrapper_1 align_none valign_top\"><div class=\"w-post-elm post_content usg_post_content_1\"><p>Wy binne tige profesjoneel en effektyf holpen by In-Menz. Se leverje soarch op maat. Wy kamen mei \u00fas dochter, dy&#8217;t wat stipe nedich hie fanwegen pesten op skoalle. Der is mei \u00fas meitocht oer wat nedich wie \u2013 ek wy as \u00e2lden krigen stipe en begelieding. Wy binne no in jier dwaande by In-Menz en hawwe hiel wichtige stappen set. Ik ha folslein fertrouwen yn In-Menz en kin mei wissichheid sizze datst hjir terjochte kinst mei dyn soargen, problemen en \u00fatdagings. Ik bin tige tankber!      <\/p>\n<\/div><div class=\"w-hwrapper usg_hwrapper_1 align_none valign_middle\"><div class=\"w-vwrapper usg_vwrapper_2 align_none valign_top\"><div class=\"w-post-elm post_custom_field usg_post_custom_field_1 has_text_color type_text us_testimonial_author\"><span class=\"w-post-elm-value\">Dominika van Eijkelenborg<\/span><\/div><div class=\"w-post-elm post_custom_field usg_post_custom_field_2 has_text_color type_text us_testimonial_role color_link_inherit\"><span class=\"w-post-elm-value\"><\/span><\/div><\/div><\/div><\/div>\t\t<\/div>\r\n\t\t\t<\/article>\r\n<\/div><div class=\"w-grid-carousel-json hidden\" onclick='return {&quot;carousel_settings&quot;:{&quot;aria_labels&quot;:{&quot;prev&quot;:&quot;Previous&quot;,&quot;next&quot;:&quot;Next&quot;},&quot;autoplayContinual&quot;:false,&quot;autoplayHoverPause&quot;:false,&quot;autoplayTimeout&quot;:3000,&quot;autoWidth&quot;:false,&quot;smartSpeed&quot;:350,&quot;margin&quot;:0,&quot;mouseDrag&quot;:true,&quot;rtl&quot;:false,&quot;slideBy&quot;:&quot;1&quot;,&quot;touchDrag&quot;:true,&quot;slideTransition&quot;:&quot;&quot;,&quot;responsive&quot;:{&quot;0&quot;:{&quot;autoHeight&quot;:false,&quot;autoplay&quot;:false,&quot;autoWidth&quot;:false,&quot;center&quot;:false,&quot;dots&quot;:true,&quot;items&quot;:1,&quot;loop&quot;:false,&quot;nav&quot;:false,&quot;stagePadding&quot;:0,&quot;slideBy&quot;:&quot;1&quot;},&quot;601&quot;:{&quot;items&quot;:3,&quot;autoplay&quot;:false,&quot;center&quot;:false,&quot;dots&quot;:false,&quot;nav&quot;:true,&quot;autoHeight&quot;:false,&quot;autoWidth&quot;:false,&quot;loop&quot;:true,&quot;stagePadding&quot;:0}}}}'><\/div><\/div><\/div><\/div><\/div><\/div><\/div><\/section>\n","protected":false},"excerpt":{"rendered":"Wy binne tige profesjoneel en effektyf holpen by In-Menz. Se leverje soarch op maat. Wy kamen mei \u00fas dochter, dy't wat stipe nedich hie fanwegen pesten op skoalle. Der is mei \u00fas meitocht oer wat nedich wie \u2013 ek wy as \u00e2lden krigen stipe en begelieding. Wy binne no in jier dwaande by In-Menz en...","protected":false},"author":1,"featured_media":0,"parent":0,"menu_order":0,"comment_status":"closed","ping_status":"closed","template":"","meta":{"_acf_changed":false,"footnotes":""},"class_list":["post-728","page","type-page","status-publish","hentry"],"acf":[],"_links":{"self":[{"href":"https:\/\/in-menz.nl\/fy-nl\/wp-json\/wp\/v2\/pages\/728","targetHints":{"allow":["GET"]}}],"collection":[{"href":"https:\/\/in-menz.nl\/fy-nl\/wp-json\/wp\/v2\/pages"}],"about":[{"href":"https:\/\/in-menz.nl\/fy-nl\/wp-json\/wp\/v2\/types\/page"}],"author":[{"embeddable":true,"href":"https:\/\/in-menz.nl\/fy-nl\/wp-json\/wp\/v2\/users\/1"}],"replies":[{"embeddable":true,"href":"https:\/\/in-menz.nl\/fy-nl\/wp-json\/wp\/v2\/comments?post=728"}],"version-history":[{"count":0,"href":"https:\/\/in-menz.nl\/fy-nl\/wp-json\/wp\/v2\/pages\/728\/revisions"}],"wp:attachment":[{"href":"https:\/\/in-menz.nl\/fy-nl\/wp-json\/wp\/v2\/media?parent=728"}],"curies":[{"name":"wp","href":"https:\/\/api.w.org\/{rel}","templated":true}]}}